{"id":27569,"date":"2025-06-25T10:33:20","date_gmt":"2025-06-25T08:33:20","guid":{"rendered":"https:\/\/addwill.eu\/?page_id=27569"},"modified":"2025-06-27T18:42:52","modified_gmt":"2025-06-27T16:42:52","slug":"assessorament-fiscal-en-mobilitat-internacional","status":"publish","type":"page","link":"https:\/\/addwill.eu\/ca\/assessorament-fiscal-en-mobilitat-internacional\/","title":{"rendered":"Assessorament fiscal en mobilitat internacional"},"content":{"rendered":"<p><div class=\"fusion-fullwidth fullwidth-box fusion-builder-row-1 has-pattern-background has-mask-background fusion-parallax-none nonhundred-percent-fullwidth non-hundred-percent-height-scrolling arriba\" style=\"--awb-border-color:#ffffff;--awb-border-radius-top-left:0px;--awb-border-radius-top-right:0px;--awb-border-radius-bottom-right:0px;--awb-border-radius-bottom-left:0px;--awb-padding-bottom:5%;--awb-background-color:#ffffff;--awb-background-image:url(&quot;https:\/\/addwill.eu\/wp-content\/uploads\/2025\/06\/banner.jpg&quot;);--awb-background-size:cover;--awb-flex-wrap:wrap;\" ><div class=\"fusion-builder-row fusion-row\"><div class=\"fusion-layout-column fusion_builder_column fusion-builder-column-0 fusion_builder_column_1_1 1_1 fusion-one-full fusion-column-first fusion-column-last fusion-column-no-min-height\" style=\"--awb-bg-size:cover;\"><div class=\"fusion-column-wrapper fusion-flex-column-wrapper-legacy\"><div class=\"fusion-column-content-centered\"><div class=\"fusion-column-content\"><div class=\"fusion-sep-clear\"><\/div><div class=\"fusion-separator fusion-full-width-sep\" style=\"margin-left: auto;margin-right: auto;margin-top:100px;width:100%;\"><div class=\"fusion-separator-border sep-double\" style=\"--awb-height:20px;--awb-amount:20px;border-color:#e0dede;border-top-width:0px;border-bottom-width:0px;\"><\/div><\/div><div class=\"fusion-sep-clear\"><\/div><div class=\"fusion-text fusion-text-1\"><h1 style=\"text-align: center;\" data-fontsize=\"29\" data-lineheight=\"34.8px\"><span style=\"color: #ffffff;\">Assessorament fiscal en mobilitat internacional<\/span><\/h1>\n<\/div><\/div><\/div><div class=\"fusion-clearfix\"><\/div><\/div><\/div><\/div><\/div><div class=\"fusion-fullwidth fullwidth-box fusion-builder-row-2 nonhundred-percent-fullwidth non-hundred-percent-height-scrolling\" style=\"--awb-background-position:left top;--awb-border-sizes-top:0px;--awb-border-sizes-bottom:0px;--awb-border-sizes-left:0px;--awb-border-sizes-right:0px;--awb-border-color:#ffffff;--awb-border-radius-top-left:0px;--awb-border-radius-top-right:0px;--awb-border-radius-bottom-right:0px;--awb-border-radius-bottom-left:0px;--awb-padding-top:30px;--awb-padding-bottom:40px;--awb-background-color:#ffffff;--awb-flex-wrap:wrap;\" ><div class=\"fusion-builder-row fusion-row\"><div class=\"fusion-layout-column fusion_builder_column fusion-builder-column-1 fusion_builder_column_3_5 3_5 fusion-three-fifth fusion-column-first fusion-column-no-min-height\" style=\"--awb-bg-size:cover;--awb-margin-bottom:0px;width:58.4%; margin-right: 4%;\"><div class=\"fusion-column-wrapper fusion-flex-column-wrapper-legacy\"><div class=\"fusion-text fusion-text-2\"><h4 style=\"text-align: left;\">Assessorament fiscal en mobilitat internacional<\/h4>\n<\/div><div class=\"fusion-text fusion-text-3\"><p>A <strong>addwill<\/strong>, oferim un assessorament fiscal integral per a empreses i persones amb mobilitat internacional, centrat en tres pilars clau:<\/p>\n<\/div><ul style=\"--awb-size:15px;--awb-margin-bottom:15px;--awb-line-height:25.5px;--awb-icon-width:25.5px;--awb-icon-height:25.5px;--awb-icon-margin:10.5px;--awb-content-margin:36px;\" class=\"fusion-checklist fusion-checklist-1 fusion-checklist-default type-icons\"><li class=\"fusion-li-item\" style=\"\"><span class=\"icon-wrapper circle-no\"><i class=\"fusion-li-icon fa-check fas\" aria-hidden=\"true\"><\/i><\/span><div class=\"fusion-li-item-content\">\n<p><strong>Planificaci\u00f3 Fiscal<\/strong>: Estrat\u00e8gies personalitzades que optimitzen beneficis i minimitzen riscos, aplicant convenis de doble imposici\u00f3.<\/p>\n<\/div><\/li><li class=\"fusion-li-item\" style=\"\"><span class=\"icon-wrapper circle-no\"><i class=\"fusion-li-icon fa-check fas\" aria-hidden=\"true\"><\/i><\/span><div class=\"fusion-li-item-content\">\n<p><strong>Compliment i Seguretat Jur\u00eddica<\/strong>: Assegurem el compliment fiscal a totes les jurisdiccions i oferim defensa davant d\u2019inspeccions.<\/p>\n<\/div><\/li><li class=\"fusion-li-item\" style=\"\"><span class=\"icon-wrapper circle-no\"><i class=\"fusion-li-icon fa-check fas\" aria-hidden=\"true\"><\/i><\/span><div class=\"fusion-li-item-content\">\n<p><strong>Resoluci\u00f3 de Complexitats Fiscals<\/strong>: Gestionem conflictes de resid\u00e8ncia fiscal i assessorem sobre compensacions i actius internacionals.<\/p>\n<\/div><\/li><\/ul><div class=\"fusion-text fusion-text-4\"><p>Garantim solucions adaptades a cada client, amb efici\u00e8ncia i seguretat en un entorn globalitzat.<\/p>\n<\/div><div class=\"fusion-clearfix\"><\/div><\/div><\/div><div class=\"fusion-layout-column fusion_builder_column fusion-builder-column-2 fusion_builder_column_1_3 1_3 fusion-one-third fusion-column-no-min-height\" style=\"--awb-padding-top:30px;--awb-padding-right:30px;--awb-padding-left:30px;--awb-bg-color:#f5f5f5;--awb-bg-color-hover:#f5f5f5;--awb-bg-size:cover;--awb-margin-bottom:0px;\"><div class=\"fusion-column-wrapper fusion-flex-column-wrapper-legacy\"><div class=\"fusion-text fusion-text-5\"><h3 class=\"dfd-title \">Other Business Services<\/h3>\n<\/div><div class=\"fusion-sep-clear\"><\/div><div class=\"fusion-separator fusion-full-width-sep\" style=\"margin-left: auto;margin-right: auto;margin-top:15px;width:100%;\"><div class=\"fusion-separator-border sep-double\" style=\"--awb-height:20px;--awb-amount:20px;--awb-sep-color:rgba(224,222,222,0);border-color:rgba(224,222,222,0);border-top-width:0px;border-bottom-width:0px;\"><\/div><\/div><div class=\"fusion-sep-clear\"><\/div><div class=\"fusion-widget-area awb-widget-area-element fusion-widget-area-1 fusion-content-widget-area\" style=\"--awb-title-size:14px;--awb-title-color:#3f4041;--awb-padding:0px 0px 0px 0px;\"><div id=\"nav_menu-17\" class=\"widget widget_nav_menu\" style=\"border-style: solid;border-color:transparent;border-width:0px;\"><div class=\"menu-other-cat-container\"><ul id=\"menu-other-cat\" class=\"menu\"><li id=\"menu-item-27876\" class=\"menu-item menu-item-type-post_type menu-item-object-page menu-item-27876\"><a href=\"https:\/\/addwill.eu\/ca\/altres-serveis\/gestio-comptable\/\">Gesti\u00f3 Comptable<\/a><\/li>\n<li id=\"menu-item-27877\" class=\"menu-item menu-item-type-post_type menu-item-object-page menu-item-27877\"><a href=\"https:\/\/addwill.eu\/ca\/altres-serveis\/administracio-de-clients-proveidors\/\">Administraci\u00f3 de Clients &#038; Prove\u00efdors<\/a><\/li>\n<li id=\"menu-item-27878\" class=\"menu-item menu-item-type-post_type menu-item-object-page menu-item-27878\"><a href=\"https:\/\/addwill.eu\/ca\/altres-serveis\/gestio-fiscal\/\">Gesti\u00f3 Fiscal<\/a><\/li>\n<li id=\"menu-item-27879\" class=\"menu-item menu-item-type-post_type menu-item-object-page menu-item-27879\"><a href=\"https:\/\/addwill.eu\/ca\/altres-serveis\/gestio-laboral\/\">Gesti\u00f3 Laboral<\/a><\/li>\n<li id=\"menu-item-27880\" class=\"menu-item menu-item-type-post_type menu-item-object-page menu-item-27880\"><a href=\"https:\/\/addwill.eu\/ca\/altres-serveis\/gestio-documental-telematica\/\">Gesti\u00f3 Documental Telem\u00e0tica<\/a><\/li>\n<li id=\"menu-item-30242\" class=\"menu-item menu-item-type-post_type menu-item-object-page menu-item-30242\"><a href=\"https:\/\/addwill.eu\/ca\/assessorament-fiscal-en-mobilitat-internacional\/\">Assessorament fiscal en mobilitat internacional<\/a><\/li>\n<\/ul><\/div><\/div><div class=\"fusion-additional-widget-content\"><\/div><\/div><div class=\"fusion-clearfix\"><\/div><\/div><\/div><\/div><\/div><div class=\"fusion-fullwidth fullwidth-box fusion-builder-row-3 fusion-flex-container has-pattern-background has-mask-background nonhundred-percent-fullwidth non-hundred-percent-height-scrolling\" style=\"--awb-border-radius-top-left:0px;--awb-border-radius-top-right:0px;--awb-border-radius-bottom-right:0px;--awb-border-radius-bottom-left:0px;--awb-flex-wrap:wrap;\" ><div class=\"fusion-builder-row fusion-row fusion-flex-align-items-flex-start fusion-flex-content-wrap\" style=\"max-width:1248px;margin-left: calc(-4% \/ 2 );margin-right: calc(-4% \/ 2 );\"><div class=\"fusion-layout-column fusion_builder_column fusion-builder-column-3 fusion_builder_column_3_5 3_5 fusion-flex-column\" style=\"--awb-padding-right:25px;--awb-bg-size:cover;--awb-width-large:60%;--awb-margin-top-large:0px;--awb-spacing-right-large:3.2%;--awb-margin-bottom-large:20px;--awb-spacing-left-large:3.2%;--awb-width-medium:100%;--awb-order-medium:0;--awb-spacing-right-medium:1.92%;--awb-spacing-left-medium:1.92%;--awb-width-small:100%;--awb-order-small:0;--awb-spacing-right-small:1.92%;--awb-spacing-left-small:1.92%;\" data-scroll-devices=\"small-visibility,medium-visibility,large-visibility\"><div class=\"fusion-column-wrapper fusion-column-has-shadow fusion-flex-justify-content-flex-start fusion-content-layout-column\"><div class=\"fusion-separator fusion-full-width-sep\" style=\"align-self: center;margin-left: auto;margin-right: auto;margin-top:62px;width:100%;\"><\/div><div class=\"fusion-title title fusion-title-1 fusion-title-center fusion-title-text fusion-title-size-three\" style=\"--awb-text-color:#000000;--awb-margin-top-small:0px;--awb-margin-right-small:0px;--awb-margin-bottom-small:20px;--awb-margin-left-small:0px;--awb-font-size:29px;\"><div class=\"title-sep-container title-sep-container-left\"><div class=\"title-sep sep- sep-solid\" style=\"border-color:#e0dede;\"><\/div><\/div><span class=\"awb-title-spacer\"><\/span><h3 class=\"fusion-title-heading title-heading-center fusion-responsive-typography-calculated\" style=\"margin:0;font-size:1em;--fontSize:29;line-height:1.4;\"><h2><strong>Funcionaris internacionals<\/strong><\/h2><\/h3><span class=\"awb-title-spacer\"><\/span><div class=\"title-sep-container title-sep-container-right\"><div class=\"title-sep sep- sep-solid\" style=\"border-color:#e0dede;\"><\/div><\/div><\/div><div class=\"fusion-separator\" style=\"align-self: center;margin-left: auto;margin-right: auto;margin-top:10px;width:100%;max-width:70px;\"><div class=\"fusion-separator-border sep-single sep-solid\" style=\"--awb-height:20px;--awb-amount:20px;--awb-sep-color:#8dd404;border-color:#8dd404;border-top-width:3px;\"><\/div><\/div><div class=\"fusion-separator fusion-full-width-sep\" style=\"align-self: center;margin-left: auto;margin-right: auto;margin-top:30px;width:100%;\"><\/div><div class=\"fusion-text fusion-text-6\"><p>A <strong>addwill<\/strong>, oferim un servei integral adaptat a les necessitats dels funcionaris d\u2019organismes internacionals, assegurant una correcta <strong>planificaci\u00f3 i gesti\u00f3 fiscal<\/strong> en funci\u00f3 del seu estatus i pa\u00eds de resid\u00e8ncia. Aquests professionals estan subjectes a un <strong>r\u00e8gim fiscal espec\u00edfic<\/strong> que requereix un enfocament especialitzat per garantir el compliment normatiu i l\u2019optimitzaci\u00f3 de la seva tributaci\u00f3<\/p>\n<\/div><div class=\"fusion-title title fusion-title-2 fusion-title-text fusion-title-size-three\" style=\"--awb-text-color:#333333;--awb-margin-top-small:0px;--awb-margin-right-small:0px;--awb-margin-bottom-small:20px;--awb-margin-left-small:0px;--awb-font-size:16px;\"><div class=\"title-sep-container title-sep-container-left fusion-no-large-visibility fusion-no-medium-visibility fusion-no-small-visibility\"><div class=\"title-sep sep- sep-solid\" style=\"border-color:#e0dede;\"><\/div><\/div><span class=\"awb-title-spacer fusion-no-large-visibility fusion-no-medium-visibility fusion-no-small-visibility\"><\/span><h3 class=\"fusion-title-heading title-heading-left fusion-responsive-typography-calculated\" style=\"margin:0;font-size:1em;--fontSize:16;--minFontSize:16;line-height:1.4;\"><h3><strong>Els nostres serveis inclouen:<\/strong><\/h3><\/h3><span class=\"awb-title-spacer\"><\/span><div class=\"title-sep-container title-sep-container-right\"><div class=\"title-sep sep- sep-solid\" style=\"border-color:#e0dede;\"><\/div><\/div><\/div><ul style=\"--awb-margin-bottom:15px;--awb-line-height:23.8px;--awb-icon-width:23.8px;--awb-icon-height:23.8px;--awb-icon-margin:9.8px;--awb-content-margin:33.6px;\" class=\"fusion-checklist fusion-checklist-2 fusion-checklist-default type-icons\"><li class=\"fusion-li-item\" style=\"\"><span class=\"icon-wrapper circle-no\"><i class=\"fusion-li-icon fa-check fas\" aria-hidden=\"true\"><\/i><\/span><div class=\"fusion-li-item-content\"><strong>Determinaci\u00f3 de la resid\u00e8ncia fiscal:<\/strong><\/p>\n<ul>\n<li>An\u00e0lisi de la normativa aplicable i criteris de resid\u00e8ncia.<\/li>\n<li>Avaluaci\u00f3 de l\u2019impacte dels convenis de doble imposici\u00f3.<\/li>\n<\/ul>\n<\/div><\/li><li class=\"fusion-li-item\" style=\"\"><span class=\"icon-wrapper circle-no\"><i class=\"fusion-li-icon fa-check fas\" aria-hidden=\"true\"><\/i><\/span><div class=\"fusion-li-item-content\"><strong>Optimitzaci\u00f3 i planificaci\u00f3 fiscal:<\/strong><\/p>\n<ul>\n<li>Aplicaci\u00f3 d\u2019exempcions i beneficis fiscals espec\u00edfics.<\/li>\n<li>Estrat\u00e8gies per minimitzar la c\u00e0rrega tribut\u00e0ria de manera legal i segura.<\/li>\n<\/ul>\n<\/div><\/li><li class=\"fusion-li-item\" style=\"\"><span class=\"icon-wrapper circle-no\"><i class=\"fusion-li-icon fa-check fas\" aria-hidden=\"true\"><\/i><\/span><div class=\"fusion-li-item-content\"><strong>Compliment de les obligacions tribut\u00e0ries:<\/strong><\/p>\n<ul>\n<li>Presentaci\u00f3 de declaracions fiscals, incloent el Model 210 per a no residents.<\/li>\n<li>Gesti\u00f3 del Model 720, declaraci\u00f3 de b\u00e9ns a l\u2019estranger.<\/li>\n<li>Regularitzaci\u00f3 de situacions fiscals en cas de canvis de resid\u00e8ncia.<\/li>\n<\/ul>\n<\/div><\/li><li class=\"fusion-li-item\" style=\"\"><span class=\"icon-wrapper circle-no\"><i class=\"fusion-li-icon fa-check fas\" aria-hidden=\"true\"><\/i><\/span><div class=\"fusion-li-item-content\"><strong>Defensa i representaci\u00f3 fiscal:<\/strong><\/p>\n<ul>\n<li>Assist\u00e8ncia en inspeccions i procediments tributaris.<\/li>\n<li>Interposici\u00f3 de recursos davant possibles reclamacions fiscals.<\/li>\n<\/ul>\n<\/div><\/li><li class=\"fusion-li-item\" style=\"\"><span class=\"icon-wrapper circle-no\"><i class=\"fusion-li-icon fa-check fas\" aria-hidden=\"true\"><\/i><\/span><div class=\"fusion-li-item-content\"><strong>Fiscalitat de remuneracions i beneficis espec\u00edfics:<\/strong><\/p>\n<ul>\n<li>An\u00e0lisi i assessorament sobre el tractament fiscal de salaris, dietes i altres compensacions.<\/li>\n<\/ul>\n<\/div><\/li><\/ul><div class=\"fusion-text fusion-text-7\"><p>El nostre enfocament expert permet als funcionaris internacionals evitar riscos fiscals, maximitzar beneficis i garantir la seguretat jur\u00eddica en un entorn fiscal cada vegada m\u00e9s complex i globalitzat.<\/p>\n<\/div><\/div><\/div><div class=\"fusion-layout-column fusion_builder_column fusion-builder-column-4 fusion_builder_column_2_5 2_5 fusion-flex-column\" style=\"--awb-padding-left:25px;--awb-bg-size:cover;--awb-width-large:40%;--awb-margin-top-large:0px;--awb-spacing-right-large:4.8%;--awb-margin-bottom-large:20px;--awb-spacing-left-large:4.8%;--awb-width-medium:100%;--awb-order-medium:0;--awb-spacing-right-medium:1.92%;--awb-spacing-left-medium:1.92%;--awb-width-small:100%;--awb-order-small:0;--awb-spacing-right-small:1.92%;--awb-spacing-left-small:1.92%;\" data-scroll-devices=\"small-visibility,medium-visibility,large-visibility\"><div class=\"fusion-column-wrapper fusion-column-has-shadow fusion-flex-justify-content-flex-start fusion-content-layout-column\"><div class=\"fusion-separator fusion-full-width-sep\" style=\"align-self: center;margin-left: auto;margin-right: auto;margin-top:62px;width:100%;\"><\/div><div class=\"fusion-title title fusion-title-3 fusion-title-center fusion-title-text fusion-title-size-three\" style=\"--awb-text-color:#000000;--awb-margin-top-small:0px;--awb-margin-right-small:0px;--awb-margin-bottom-small:20px;--awb-margin-left-small:0px;--awb-font-size:29px;\"><div class=\"title-sep-container title-sep-container-left\"><div class=\"title-sep sep- sep-solid\" style=\"border-color:#e0dede;\"><\/div><\/div><span class=\"awb-title-spacer\"><\/span><h3 class=\"fusion-title-heading title-heading-center fusion-responsive-typography-calculated\" style=\"margin:0;font-size:1em;--fontSize:29;line-height:1.4;\"><h2><strong>El seu contacte a addwill<\/strong><\/h2><\/h3><span class=\"awb-title-spacer\"><\/span><div class=\"title-sep-container title-sep-container-right\"><div class=\"title-sep sep- sep-solid\" style=\"border-color:#e0dede;\"><\/div><\/div><\/div><div class=\"fusion-separator fusion-full-width-sep\" style=\"align-self: center;margin-left: auto;margin-right: auto;margin-top:45px;width:100%;\"><\/div><div class=\"fusion-image-element \" style=\"text-align:center;--awb-caption-title-font-family:var(--h2_typography-font-family);--awb-caption-title-font-weight:var(--h2_typography-font-weight);--awb-caption-title-font-style:var(--h2_typography-font-style);--awb-caption-title-size:var(--h2_typography-font-size);--awb-caption-title-transform:var(--h2_typography-text-transform);--awb-caption-title-line-height:var(--h2_typography-line-height);--awb-caption-title-letter-spacing:var(--h2_typography-letter-spacing);\"><span class=\" fusion-imageframe imageframe-none imageframe-1 hover-type-none\"><img decoding=\"async\" width=\"259\" height=\"259\" title=\"JordiVilardell-Fiscal-259\" src=\"https:\/\/addwill.eu\/wp-content\/uploads\/2025\/06\/JordiVilardell-Fiscal-259.jpg\" alt class=\"img-responsive wp-image-27675\" srcset=\"https:\/\/addwill.eu\/wp-content\/uploads\/2025\/06\/JordiVilardell-Fiscal-259-200x200.jpg 200w, https:\/\/addwill.eu\/wp-content\/uploads\/2025\/06\/JordiVilardell-Fiscal-259.jpg 259w\" sizes=\"(max-width: 1024px) 100vw, (max-width: 850px) 100vw, 259px\" \/><\/span><\/div><div class=\"fusion-separator fusion-full-width-sep\" style=\"align-self: center;margin-left: auto;margin-right: auto;margin-top:25px;width:100%;\"><\/div><div class=\"fusion-title title fusion-title-4 fusion-title-center fusion-title-text fusion-title-size-three\" style=\"--awb-text-color:#000000;--awb-margin-top-small:0px;--awb-margin-right-small:0px;--awb-margin-bottom-small:20px;--awb-margin-left-small:0px;--awb-font-size:16px;\"><div class=\"title-sep-container title-sep-container-left\"><div class=\"title-sep sep- sep-solid\" style=\"border-color:#e0dede;\"><\/div><\/div><span class=\"awb-title-spacer\"><\/span><h3 class=\"fusion-title-heading title-heading-center fusion-responsive-typography-calculated\" style=\"margin:0;font-size:1em;--fontSize:16;--minFontSize:16;line-height:1.4;\"><h4 style=\"text-align: center;\"><strong>Coordinador d\u2019Assessorament<br \/>\n<strong>fiscal en mobilitat internacional<\/strong><\/strong><\/h4><\/h3><span class=\"awb-title-spacer\"><\/span><div class=\"title-sep-container title-sep-container-right\"><div class=\"title-sep sep- sep-solid\" style=\"border-color:#e0dede;\"><\/div><\/div><\/div><div class=\"fusion-separator\" style=\"align-self: center;margin-left: auto;margin-right: auto;margin-top:10px;width:100%;max-width:70px;\"><div class=\"fusion-separator-border sep-single sep-solid\" style=\"--awb-height:20px;--awb-amount:20px;--awb-sep-color:#8dd404;border-color:#8dd404;border-top-width:3px;\"><\/div><\/div><div class=\"fusion-separator fusion-full-width-sep\" style=\"align-self: center;margin-left: auto;margin-right: auto;margin-top:25px;width:100%;\"><\/div><div class=\"fusion-text fusion-text-8\" style=\"--awb-font-size:16px;\"><p style=\"text-align: center;\"><strong>Jordi Vilardell<\/strong><br \/>\n+34 934 875 200, ext. 812<br \/>\n<a href=\"mailto:srovira@addwill.eu\">jvilardell@addwill.eu<\/a><\/p>\n<\/div><div class=\"fusion-separator fusion-full-width-sep\" style=\"align-self: center;margin-left: auto;margin-right: auto;margin-top:25px;width:100%;\"><\/div><\/div><\/div><div class=\"fusion-layout-column fusion_builder_column fusion-builder-column-5 fusion_builder_column_1_5 1_5 fusion-flex-column\" style=\"--awb-bg-size:cover;--awb-width-large:20%;--awb-margin-top-large:0px;--awb-spacing-right-large:9.6%;--awb-margin-bottom-large:20px;--awb-spacing-left-large:9.6%;--awb-width-medium:100%;--awb-order-medium:0;--awb-spacing-right-medium:1.92%;--awb-spacing-left-medium:1.92%;--awb-width-small:100%;--awb-order-small:0;--awb-spacing-right-small:1.92%;--awb-spacing-left-small:1.92%;\"><div class=\"fusion-column-wrapper fusion-column-has-shadow fusion-flex-justify-content-flex-start fusion-content-layout-column\"><\/div><\/div><\/div><\/div><div class=\"fusion-fullwidth fullwidth-box fusion-builder-row-4 fusion-flex-container has-pattern-background has-mask-background nonhundred-percent-fullwidth non-hundred-percent-height-scrolling\" style=\"--awb-border-radius-top-left:0px;--awb-border-radius-top-right:0px;--awb-border-radius-bottom-right:0px;--awb-border-radius-bottom-left:0px;--awb-background-color:#ffffff;--awb-flex-wrap:wrap;\" ><div class=\"fusion-builder-row fusion-row fusion-flex-align-items-flex-start fusion-flex-content-wrap\" style=\"max-width:1248px;margin-left: calc(-4% \/ 2 );margin-right: calc(-4% \/ 2 );\"><div class=\"fusion-layout-column fusion_builder_column fusion-builder-column-6 fusion_builder_column_3_5 3_5 fusion-flex-column\" style=\"--awb-padding-right:25px;--awb-bg-size:cover;--awb-width-large:60%;--awb-margin-top-large:0px;--awb-spacing-right-large:3.2%;--awb-margin-bottom-large:20px;--awb-spacing-left-large:3.2%;--awb-width-medium:100%;--awb-order-medium:0;--awb-spacing-right-medium:1.92%;--awb-spacing-left-medium:1.92%;--awb-width-small:100%;--awb-order-small:0;--awb-spacing-right-small:1.92%;--awb-spacing-left-small:1.92%;\" data-scroll-devices=\"small-visibility,medium-visibility,large-visibility\"><div class=\"fusion-column-wrapper fusion-column-has-shadow fusion-flex-justify-content-flex-start fusion-content-layout-column\"><div class=\"fusion-separator fusion-full-width-sep\" style=\"align-self: center;margin-left: auto;margin-right: auto;margin-top:62px;width:100%;\"><\/div><div class=\"fusion-title title fusion-title-5 fusion-title-center fusion-title-text fusion-title-size-three\" style=\"--awb-text-color:#000000;--awb-margin-top-small:0px;--awb-margin-right-small:0px;--awb-margin-bottom-small:20px;--awb-margin-left-small:0px;--awb-font-size:29px;\"><div class=\"title-sep-container title-sep-container-left\"><div class=\"title-sep sep- sep-solid\" style=\"border-color:#e0dede;\"><\/div><\/div><span class=\"awb-title-spacer\"><\/span><h3 class=\"fusion-title-heading title-heading-center fusion-responsive-typography-calculated\" style=\"margin:0;font-size:1em;--fontSize:29;line-height:1.4;\"><h2><strong>Treballadors i directius despla\u00e7ats a l\u2019estranger<\/strong><\/h2><\/h3><span class=\"awb-title-spacer\"><\/span><div class=\"title-sep-container title-sep-container-right\"><div class=\"title-sep sep- sep-solid\" style=\"border-color:#e0dede;\"><\/div><\/div><\/div><div class=\"fusion-separator\" style=\"align-self: center;margin-left: auto;margin-right: auto;margin-top:10px;width:100%;max-width:70px;\"><div class=\"fusion-separator-border sep-single sep-solid\" style=\"--awb-height:20px;--awb-amount:20px;--awb-sep-color:#8dd404;border-color:#8dd404;border-top-width:3px;\"><\/div><\/div><div class=\"fusion-separator fusion-full-width-sep\" style=\"align-self: center;margin-left: auto;margin-right: auto;margin-top:30px;width:100%;\"><\/div><div class=\"fusion-text fusion-text-9\"><p>La fiscalitat dels empleats despla\u00e7ats i expatriats planteja reptes complexos que requereixen un enfocament especialitzat. A <strong>addwill<\/strong>, oferim serveis d\u2019assessorament integral en l\u2019aplicaci\u00f3 de l\u2019exempci\u00f3 per treballs realitzats a l\u2019estranger (article <strong>7p LIRPF<\/strong>) i en la gesti\u00f3 fiscal del personal despla\u00e7at.<\/p>\n<p>Comptem amb eines potents per implantar i fer el seguiment de l\u2019exempci\u00f3 a l\u2019IRPF (7p) per als empleats que hagin de despla\u00e7ar-se a l\u2019estranger durant un per\u00edode de temps en el marc de les seves activitats laborals.<\/p>\n<p>El nostre equip, liderat per <strong>Jordi Vilardell<\/strong>, soci del departament fiscal d\u2019<strong>addwill<\/strong> amb seu a Brussel\u00b7les, B\u00e8lgica, compta amb una \u00e0mplia experi\u00e8ncia i reconeixement en aquest \u00e0mbit, prestant assist\u00e8ncia tant a empleats com a empreses i grups internacionals.<\/p>\n<\/div><div class=\"fusion-title title fusion-title-6 fusion-title-text fusion-title-size-three\" style=\"--awb-text-color:#333333;--awb-margin-top-small:0px;--awb-margin-right-small:0px;--awb-margin-bottom-small:20px;--awb-margin-left-small:0px;--awb-font-size:16px;\"><div class=\"title-sep-container title-sep-container-left fusion-no-large-visibility fusion-no-medium-visibility fusion-no-small-visibility\"><div class=\"title-sep sep- sep-solid\" style=\"border-color:#e0dede;\"><\/div><\/div><span class=\"awb-title-spacer fusion-no-large-visibility fusion-no-medium-visibility fusion-no-small-visibility\"><\/span><h3 class=\"fusion-title-heading title-heading-left fusion-responsive-typography-calculated\" style=\"margin:0;font-size:1em;--fontSize:16;--minFontSize:16;line-height:1.4;\"><h3><strong>Serveis a l\u2019EMPLEAT:<\/strong><\/h3><\/h3><span class=\"awb-title-spacer\"><\/span><div class=\"title-sep-container title-sep-container-right\"><div class=\"title-sep sep- sep-solid\" style=\"border-color:#e0dede;\"><\/div><\/div><\/div><ul style=\"--awb-margin-bottom:15px;--awb-line-height:23.8px;--awb-icon-width:23.8px;--awb-icon-height:23.8px;--awb-icon-margin:9.8px;--awb-content-margin:33.6px;\" class=\"fusion-checklist fusion-checklist-3 fusion-checklist-default type-icons\"><li class=\"fusion-li-item\" style=\"\"><span class=\"icon-wrapper circle-no\"><i class=\"fusion-li-icon fa-check fas\" aria-hidden=\"true\"><\/i><\/span><div class=\"fusion-li-item-content\">\n<p>Preparaci\u00f3 de declaracions d\u2019IRPF amb aplicaci\u00f3 del 7p, aix\u00ed com seguiment posterior de l\u2019expedient fins a obtenir l\u2019estimaci\u00f3 de l\u2019aplicabilitat de l\u2019exempci\u00f3.<\/p>\n<\/div><\/li><li class=\"fusion-li-item\" style=\"\"><span class=\"icon-wrapper circle-no\"><i class=\"fusion-li-icon fa-check fas\" aria-hidden=\"true\"><\/i><\/span><div class=\"fusion-li-item-content\">\n<p>Gesti\u00f3 de procediments de rectificaci\u00f3 d\u2019autoliquidacions d\u2019IRPF d\u2019exercicis no prescrits aplicant l\u2019exempci\u00f3.<\/p>\n<\/div><\/li><li class=\"fusion-li-item\" style=\"\"><span class=\"icon-wrapper circle-no\"><i class=\"fusion-li-icon fa-check fas\" aria-hidden=\"true\"><\/i><\/span><div class=\"fusion-li-item-content\">\n<p>Defensa d\u2019expedients en qu\u00e8 el contribuent ha iniciat la reclamaci\u00f3 de l\u2019exempci\u00f3, tant en fase de Gesti\u00f3 Tribut\u00e0ria, com en fase Econ\u00f2mica-Administrativa o Jurisdiccional, si escau.<\/p>\n<\/div><\/li><li class=\"fusion-li-item\" style=\"\"><span class=\"icon-wrapper circle-no\"><i class=\"fusion-li-icon fa-check fas\" aria-hidden=\"true\"><\/i><\/span><div class=\"fusion-li-item-content\">\n<p>Assessorament en mobilitat internacional, amb la preparaci\u00f3 d\u2019informes espec\u00edfics.<\/p>\n<\/div><\/li><li class=\"fusion-li-item\" style=\"\"><span class=\"icon-wrapper circle-no\"><i class=\"fusion-li-icon fa-check fas\" aria-hidden=\"true\"><\/i><\/span><div class=\"fusion-li-item-content\">\n<p>Gesti\u00f3 de declaracions d\u2019IRNR per a no residents.<\/p>\n<\/div><\/li><\/ul><div class=\"fusion-separator fusion-full-width-sep\" style=\"align-self: center;margin-left: auto;margin-right: auto;margin-top:10px;width:100%;\"><\/div><div class=\"fusion-title title fusion-title-7 fusion-title-text fusion-title-size-three\" style=\"--awb-text-color:#333333;--awb-margin-top-small:0px;--awb-margin-right-small:0px;--awb-margin-bottom-small:20px;--awb-margin-left-small:0px;--awb-font-size:16px;\"><div class=\"title-sep-container title-sep-container-left fusion-no-large-visibility fusion-no-medium-visibility fusion-no-small-visibility\"><div class=\"title-sep sep- sep-solid\" style=\"border-color:#e0dede;\"><\/div><\/div><span class=\"awb-title-spacer fusion-no-large-visibility fusion-no-medium-visibility fusion-no-small-visibility\"><\/span><h3 class=\"fusion-title-heading title-heading-left fusion-responsive-typography-calculated\" style=\"margin:0;font-size:1em;--fontSize:16;--minFontSize:16;line-height:1.4;\"><h3><strong>Serveis a l\u2019EMPRESA:<\/strong><\/h3><\/h3><span class=\"awb-title-spacer\"><\/span><div class=\"title-sep-container title-sep-container-right\"><div class=\"title-sep sep- sep-solid\" style=\"border-color:#e0dede;\"><\/div><\/div><\/div><ul style=\"--awb-margin-bottom:15px;--awb-line-height:23.8px;--awb-icon-width:23.8px;--awb-icon-height:23.8px;--awb-icon-margin:9.8px;--awb-content-margin:33.6px;\" class=\"fusion-checklist fusion-checklist-4 fusion-checklist-default type-icons\"><li class=\"fusion-li-item\" style=\"\"><span class=\"icon-wrapper circle-no\"><i class=\"fusion-li-icon fa-check fas\" aria-hidden=\"true\"><\/i><\/span><div class=\"fusion-li-item-content\">\n<p>Implementaci\u00f3 de pol\u00edtiques internes d\u2019aplicaci\u00f3 de l\u2019exempci\u00f3 per treballs realitzats a l\u2019estranger.<\/p>\n<\/div><\/li><li class=\"fusion-li-item\" style=\"\"><span class=\"icon-wrapper circle-no\"><i class=\"fusion-li-icon fa-check fas\" aria-hidden=\"true\"><\/i><\/span><div class=\"fusion-li-item-content\">\n<p>Seguiment i assessorament en procediments de comprovaci\u00f3 i inspecci\u00f3 tribut\u00e0ria relatius a l\u2019aplicaci\u00f3 del 7p per part de l\u2019empresa.<\/p>\n<\/div><\/li><li class=\"fusion-li-item\" style=\"\"><span class=\"icon-wrapper circle-no\"><i class=\"fusion-li-icon fa-check fas\" aria-hidden=\"true\"><\/i><\/span><div class=\"fusion-li-item-content\">\n<p>Revisi\u00f3 de pol\u00edtiques d\u2019assignaci\u00f3 internacional.<\/p>\n<\/div><\/li><li class=\"fusion-li-item\" style=\"\"><span class=\"icon-wrapper circle-no\"><i class=\"fusion-li-icon fa-check fas\" aria-hidden=\"true\"><\/i><\/span><div class=\"fusion-li-item-content\">\n<p>Assessorament en mat\u00e8ria d\u2019assignacions internacionals.<\/p>\n<\/div><\/li><li class=\"fusion-li-item\" style=\"\"><span class=\"icon-wrapper circle-no\"><i class=\"fusion-li-icon fa-check fas\" aria-hidden=\"true\"><\/i><\/span><div class=\"fusion-li-item-content\">\n<p>Suport en la gesti\u00f3 mensual de l\u2019exempci\u00f3 7p i en la campanya d\u2019IRPF dels treballadors afectats.<\/p>\n<\/div><\/li><\/ul><div class=\"fusion-text fusion-text-10\"><p>El nostre objectiu \u00e9s proporcionar solucions no nom\u00e9s en l\u2019\u00e0mbit de la tributaci\u00f3 dels empleats despla\u00e7ats, sin\u00f3 tamb\u00e9 en diverses situacions legals espec\u00edfiques que requereixen un enfocament especialitzat.<\/p>\n<p>A m\u00e9s de la fiscalitat, oferim assessorament en q\u00fcestions legals complexes, assegurant el compliment normatiu i aportant seguretat jur\u00eddica als nostres clients en tots els aspectes de la seva mobilitat internacional.<\/p>\n<\/div><\/div><\/div><div class=\"fusion-layout-column fusion_builder_column fusion-builder-column-7 fusion_builder_column_2_5 2_5 fusion-flex-column\" style=\"--awb-padding-left:25px;--awb-bg-size:cover;--awb-width-large:40%;--awb-margin-top-large:0px;--awb-spacing-right-large:4.8%;--awb-margin-bottom-large:20px;--awb-spacing-left-large:4.8%;--awb-width-medium:100%;--awb-order-medium:0;--awb-spacing-right-medium:1.92%;--awb-spacing-left-medium:1.92%;--awb-width-small:100%;--awb-order-small:0;--awb-spacing-right-small:1.92%;--awb-spacing-left-small:1.92%;\" data-scroll-devices=\"small-visibility,medium-visibility,large-visibility\"><div class=\"fusion-column-wrapper fusion-column-has-shadow fusion-flex-justify-content-flex-start fusion-content-layout-column\"><div class=\"fusion-separator fusion-full-width-sep\" style=\"align-self: center;margin-left: auto;margin-right: auto;margin-top:62px;width:100%;\"><\/div><div class=\"fusion-title title fusion-title-8 fusion-title-center fusion-title-text fusion-title-size-three\" style=\"--awb-text-color:#000000;--awb-margin-top-small:0px;--awb-margin-right-small:0px;--awb-margin-bottom-small:20px;--awb-margin-left-small:0px;--awb-font-size:29px;\"><div class=\"title-sep-container title-sep-container-left\"><div class=\"title-sep sep- sep-solid\" style=\"border-color:#e0dede;\"><\/div><\/div><span class=\"awb-title-spacer\"><\/span><h3 class=\"fusion-title-heading title-heading-center fusion-responsive-typography-calculated\" style=\"margin:0;font-size:1em;--fontSize:29;line-height:1.4;\"><h2><strong>International Desk<\/strong><\/h2><\/h3><span class=\"awb-title-spacer\"><\/span><div class=\"title-sep-container title-sep-container-right\"><div class=\"title-sep sep- sep-solid\" style=\"border-color:#e0dede;\"><\/div><\/div><\/div><div class=\"fusion-separator fusion-full-width-sep\" style=\"align-self: center;margin-left: auto;margin-right: auto;margin-top:10px;margin-bottom:10px;width:100%;\"><\/div><div class=\"fusion-builder-row fusion-builder-row-inner fusion-row fusion-flex-align-items-flex-start fusion-flex-content-wrap\" style=\"--awb-flex-grow:0;--awb-flex-grow-medium:0;--awb-flex-grow-small:0;--awb-flex-shrink:0;--awb-flex-shrink-medium:0;--awb-flex-shrink-small:0;width:104% !important;max-width:104% !important;margin-left: calc(-4% \/ 2 );margin-right: calc(-4% \/ 2 );\"><div class=\"fusion-layout-column fusion_builder_column_inner fusion-builder-nested-column-0 fusion_builder_column_inner_1_2 1_2 fusion-flex-column\" style=\"--awb-bg-size:cover;--awb-width-large:50%;--awb-margin-top-large:0px;--awb-spacing-right-large:3.84%;--awb-margin-bottom-large:20px;--awb-spacing-left-large:3.84%;--awb-width-medium:100%;--awb-order-medium:0;--awb-spacing-right-medium:1.92%;--awb-spacing-left-medium:1.92%;--awb-width-small:100%;--awb-order-small:0;--awb-spacing-right-small:1.92%;--awb-spacing-left-small:1.92%;\"><div class=\"fusion-column-wrapper fusion-column-has-shadow fusion-flex-justify-content-flex-start fusion-content-layout-column\"><div style=\"text-align:center;\"><a class=\"fusion-button button-flat fusion-button-default-size button-default fusion-button-default button-1 fusion-button-default-span fusion-button-default-type\" target=\"_self\" href=\"https:\/\/addwill.eu\/ca\/german-desk\/\"><span class=\"fusion-button-text awb-button__text awb-button__text--default\">GERMAN DESK<\/span><\/a><\/div><div class=\"fusion-separator fusion-full-width-sep\" style=\"align-self: center;margin-left: auto;margin-right: auto;margin-bottom:20px;width:100%;\"><\/div><div style=\"text-align:center;\"><a class=\"fusion-button button-flat fusion-button-default-size button-default fusion-button-default button-2 fusion-button-default-span fusion-button-default-type\" target=\"_self\" href=\"https:\/\/addwill.eu\/ca\/italian-desk\/\"><span class=\"fusion-button-text awb-button__text awb-button__text--default\">ITALIAN DESK<\/span><\/a><\/div><\/div><\/div><div class=\"fusion-layout-column fusion_builder_column_inner fusion-builder-nested-column-1 fusion_builder_column_inner_1_2 1_2 fusion-flex-column\" style=\"--awb-bg-size:cover;--awb-width-large:50%;--awb-margin-top-large:0px;--awb-spacing-right-large:3.84%;--awb-margin-bottom-large:20px;--awb-spacing-left-large:3.84%;--awb-width-medium:100%;--awb-order-medium:0;--awb-spacing-right-medium:1.92%;--awb-spacing-left-medium:1.92%;--awb-width-small:100%;--awb-order-small:0;--awb-spacing-right-small:1.92%;--awb-spacing-left-small:1.92%;\"><div class=\"fusion-column-wrapper fusion-column-has-shadow fusion-flex-justify-content-flex-start fusion-content-layout-column\"><div style=\"text-align:center;\"><a class=\"fusion-button button-flat fusion-button-default-size button-default fusion-button-default button-3 fusion-button-default-span fusion-button-default-type\" target=\"_self\" href=\"https:\/\/addwill.eu\/ca\/english-desk\/\"><span class=\"fusion-button-text awb-button__text awb-button__text--default\">ENGLISH DESK<\/span><\/a><\/div><div class=\"fusion-separator fusion-full-width-sep\" style=\"align-self: center;margin-left: auto;margin-right: auto;margin-bottom:20px;width:100%;\"><\/div><div style=\"text-align:center;\"><a class=\"fusion-button button-flat fusion-button-default-size button-default fusion-button-default button-4 fusion-button-default-span fusion-button-default-type\" target=\"_self\" href=\"https:\/\/addwill.eu\/ca\/danish-desk\/\"><span class=\"fusion-button-text awb-button__text awb-button__text--default\">DANISH DESK<\/span><\/a><\/div><\/div><\/div><\/div><div class=\"fusion-separator fusion-full-width-sep\" style=\"align-self: center;margin-left: auto;margin-right: auto;margin-top:25px;width:100%;\"><\/div><\/div><\/div><\/div><\/div><div class=\"fusion-fullwidth fullwidth-box fusion-builder-row-5 fusion-flex-container nonhundred-percent-fullwidth non-hundred-percent-height-scrolling\" style=\"--awb-border-radius-top-left:0px;--awb-border-radius-top-right:0px;--awb-border-radius-bottom-right:0px;--awb-border-radius-bottom-left:0px;--awb-flex-wrap:wrap;\" ><div class=\"fusion-builder-row fusion-row fusion-flex-align-items-flex-start fusion-flex-content-wrap\" style=\"max-width:1248px;margin-left: calc(-4% \/ 2 );margin-right: calc(-4% \/ 2 );\"><div class=\"fusion-layout-column fusion_builder_column fusion-builder-column-8 fusion_builder_column_1_1 1_1 fusion-flex-column\" style=\"--awb-bg-size:cover;--awb-width-large:100%;--awb-margin-top-large:0px;--awb-spacing-right-large:1.92%;--awb-margin-bottom-large:20px;--awb-spacing-left-large:1.92%;--awb-width-medium:100%;--awb-order-medium:0;--awb-spacing-right-medium:1.92%;--awb-spacing-left-medium:1.92%;--awb-width-small:100%;--awb-order-small:0;--awb-spacing-right-small:1.92%;--awb-spacing-left-small:1.92%;\"><div class=\"fusion-column-wrapper fusion-column-has-shadow fusion-flex-justify-content-flex-start fusion-content-layout-column\"><div class=\"fusion-separator fusion-full-width-sep\" style=\"align-self: center;margin-left: auto;margin-right: auto;margin-top:20px;margin-bottom:20px;width:100%;\"><\/div><div class=\"fusion-text fusion-text-11\" style=\"--awb-text-transform:none;--awb-text-color:var(--awb-color8);\"><h2 style=\"text-align: center;\"><a href=\"https:\/\/addwill.eu\/ca\/media-room\/\">NOUS POST<\/a><\/h2>\n<\/div><div class=\"fusion-separator fusion-full-width-sep\" style=\"align-self: center;margin-left: auto;margin-right: auto;margin-top:20px;margin-bottom:20px;width:100%;\"><\/div><div class=\"fusion-blog-shortcode fusion-blog-shortcode-1 fusion-blog-archive fusion-blog-layout-grid-wrapper fusion-blog-pagination\"><style type=\"text\/css\">.fusion-blog-shortcode-1 .fusion-blog-layout-grid .fusion-post-grid{padding:20px;}.fusion-blog-shortcode-1 .fusion-posts-container{margin-left: -20px !important; margin-right:-20px !important;}<\/style><div class=\"fusion-posts-container fusion-posts-container-pagination fusion-blog-rollover fusion-blog-layout-grid fusion-blog-layout-grid-3 isotope fusion-blog-equal-heights\" data-pages=\"84\" data-grid-col-space=\"40\" style=\"margin: -20px -20px 0;min-height:500px;\"><article id=\"blog-1-post-33603\" class=\"fusion-post-grid post-33603 post type-post status-publish format-standard has-post-thumbnail hentry category-mercantil-ca\">\n<div class=\"fusion-post-wrapper\" style=\"background-color:rgba(255,255,255,0);border:1px solid var(--awb-color5);border-bottom-width:3px;\">\n\n\t\t\t<div class=\"fusion-flexslider flexslider fusion-flexslider-loading fusion-post-slideshow\" style=\"border-color:var(--awb-color5);\">\n\t\t<ul class=\"slides\">\n\t\t\t\n\t\t\t\t\t\t\t\t\t\t\t\t\t\t<li><div  class=\"fusion-image-wrapper\" aria-haspopup=\"true\">\n\t\t\t\t<img decoding=\"async\" width=\"2560\" height=\"768\" src=\"https:\/\/addwill.eu\/wp-content\/uploads\/2026\/04\/addwill_2704_post_linkedin_Natalia_Guasp_web-scaled.jpg\" class=\"attachment-full size-full wp-post-image\" alt=\"\" srcset=\"https:\/\/addwill.eu\/wp-content\/uploads\/2026\/04\/addwill_2704_post_linkedin_Natalia_Guasp_web-200x60.jpg 200w, https:\/\/addwill.eu\/wp-content\/uploads\/2026\/04\/addwill_2704_post_linkedin_Natalia_Guasp_web-400x120.jpg 400w, https:\/\/addwill.eu\/wp-content\/uploads\/2026\/04\/addwill_2704_post_linkedin_Natalia_Guasp_web-600x180.jpg 600w, https:\/\/addwill.eu\/wp-content\/uploads\/2026\/04\/addwill_2704_post_linkedin_Natalia_Guasp_web-800x240.jpg 800w, https:\/\/addwill.eu\/wp-content\/uploads\/2026\/04\/addwill_2704_post_linkedin_Natalia_Guasp_web-1200x360.jpg 1200w, https:\/\/addwill.eu\/wp-content\/uploads\/2026\/04\/addwill_2704_post_linkedin_Natalia_Guasp_web-scaled.jpg 2560w\" sizes=\"(min-width: 2200px) 100vw, (min-width: 824px) 373px, (min-width: 732px) 560px, (min-width: 640px) 732px, \" \/><div class=\"fusion-rollover\">\n\t<div class=\"fusion-rollover-content\">\n\n\t\t\t\t\t\t\t\t\t\t\t\t\t\t<a class=\"fusion-rollover-link\" href=\"https:\/\/addwill.eu\/ca\/restabliment-de-lanomenada-moratoria-societaria-per-perdues-derivades-de-la-covid-19\/\">Restabliment de l\u2019anomenada \u00abmorat\u00f2ria societ\u00e0ria\u00bb per p\u00e8rdues derivades de la COVID-19<\/a>\n\t\t\t\n\t\t\t\t\t\t\t\t\t\t\t\t\t\t\n\t\t\t\t\t\t\t\t\n\t\t\t\t\t\t\t\t\t\t\t\t\t<div class=\"fusion-rollover-sep\"><\/div>\n\t\t\t\t\n\t\t\t\t\t\t\t\t\t\t\t\t\t\t\t\t\t\t<a class=\"fusion-rollover-gallery\" href=\"https:\/\/addwill.eu\/wp-content\/uploads\/2026\/04\/addwill_2704_post_linkedin_Natalia_Guasp_web-scaled.jpg\" data-options=\"\" data-id=\"33603\" data-rel=\"iLightbox[gallery]\" data-title=\"addwill_2704_post_linkedin_Nata\u0300lia_Guasp_web\" data-caption=\"\">\n\t\t\t\t\t\tGallery\t\t\t\t\t<\/a>\n\t\t\t\t\t\t\t\t\t\t\t\t\t\t\n\t\t\n\t\t\t\t\t\t\t\t\t\t\t\t<h4 class=\"fusion-rollover-title\">\n\t\t\t\t\t<a class=\"fusion-rollover-title-link\" href=\"https:\/\/addwill.eu\/ca\/restabliment-de-lanomenada-moratoria-societaria-per-perdues-derivades-de-la-covid-19\/\">\n\t\t\t\t\t\tRestabliment de l\u2019anomenada \u00abmorat\u00f2ria societ\u00e0ria\u00bb per p\u00e8rdues derivades de la COVID-19\t\t\t\t\t<\/a>\n\t\t\t\t<\/h4>\n\t\t\t\n\t\t\t\t\t\t\t\t\t\t<div class=\"fusion-rollover-categories\"><a href=\"https:\/\/addwill.eu\/ca\/category\/mercantil-ca\/\" rel=\"tag\">Mercantil<\/a><\/div>\t\t\t\t\t\n\t\t\n\t\t\t\t\t\t<a class=\"fusion-link-wrapper\" href=\"https:\/\/addwill.eu\/ca\/restabliment-de-lanomenada-moratoria-societaria-per-perdues-derivades-de-la-covid-19\/\" aria-label=\"Restabliment de l\u2019anomenada \u00abmorat\u00f2ria societ\u00e0ria\u00bb per p\u00e8rdues derivades de la COVID-19\"><\/a>\n\t<\/div>\n<\/div>\n<\/div>\n<\/li>\n\t\t\t\n\t\t\t\n\t\t\t\t\t\t\t\t\t\t\t\t\t\t\t\t\t\t\t\t\t\t\t\t\t\t\t\t\t\t\t\t\t\t\t\t\t\t\t\t\t\t\t\t\t\t\t\t\t\t\t\t\t\t\t\t\t\t\t\t\t\t\t\t\t\t\t\t<\/ul>\n\t<\/div>\n\t<div class=\"fusion-post-content-wrapper\" style=\"padding:30px 25px 20px 25px;\"><div class=\"fusion-post-content post-content\"><h2 class=\"blog-shortcode-post-title entry-title\"><a href=\"https:\/\/addwill.eu\/ca\/restabliment-de-lanomenada-moratoria-societaria-per-perdues-derivades-de-la-covid-19\/\">Restabliment de l\u2019anomenada \u00abmorat\u00f2ria societ\u00e0ria\u00bb per p\u00e8rdues derivades de la COVID-19<\/a><\/h2><p class=\"fusion-single-line-meta\">By <span class=\"vcard\"><span class=\"fn\"><a href=\"https:\/\/addwill.eu\/ca\/author\/mrojas\/\" title=\"Entrades de Miriam Rojas\" rel=\"author\">Miriam Rojas<\/a><\/span><\/span><span class=\"fusion-inline-sep\">|<\/span><span class=\"updated\" style=\"display:none;\">2026-04-28T08:30:47+02:00<\/span><span>2026\/04\/28<\/span><span class=\"fusion-inline-sep\">|<\/span>Categories: <a href=\"https:\/\/addwill.eu\/ca\/category\/mercantil-ca\/\" rel=\"category tag\">Mercantil<\/a><span class=\"fusion-inline-sep\">|<\/span><\/p><div class=\"fusion-content-sep sep-double sep-solid\"><\/div><\/div><div class=\"fusion-meta-info\"><div class=\"fusion-alignleft\"><a class=\"fusion-read-more\" href=\"https:\/\/addwill.eu\/ca\/restabliment-de-lanomenada-moratoria-societaria-per-perdues-derivades-de-la-covid-19\/\" aria-label=\"More on Restabliment de l\u2019anomenada \u00abmorat\u00f2ria societ\u00e0ria\u00bb per p\u00e8rdues derivades de la COVID-19\">Read More<\/a><\/div><div class=\"fusion-alignright\"><a href=\"https:\/\/addwill.eu\/ca\/restabliment-de-lanomenada-moratoria-societaria-per-perdues-derivades-de-la-covid-19\/#respond\"><i class=\"awb-icon-bubbles\" aria-hidden=\"true\"><\/i>&nbsp;0<\/a><\/div><\/div><\/div><div class=\"fusion-clearfix\"><\/div><\/div>\n<\/article>\n<article id=\"blog-1-post-33462\" class=\"fusion-post-grid post-33462 post type-post status-publish format-standard has-post-thumbnail hentry category-fiscal-ca\">\n<div class=\"fusion-post-wrapper\" style=\"background-color:rgba(255,255,255,0);border:1px solid var(--awb-color5);border-bottom-width:3px;\">\n\n\t\t\t<div class=\"fusion-flexslider flexslider fusion-flexslider-loading fusion-post-slideshow\" style=\"border-color:var(--awb-color5);\">\n\t\t<ul class=\"slides\">\n\t\t\t\n\t\t\t\t\t\t\t\t\t\t\t\t\t\t<li><div  class=\"fusion-image-wrapper\" aria-haspopup=\"true\">\n\t\t\t\t<img decoding=\"async\" width=\"2560\" height=\"768\" src=\"https:\/\/addwill.eu\/wp-content\/uploads\/2026\/04\/addwill_2604_Sergio-Balaguer-REEDAV_Web-1-scaled.jpg\" class=\"attachment-full size-full wp-post-image\" alt=\"\" srcset=\"https:\/\/addwill.eu\/wp-content\/uploads\/2026\/04\/addwill_2604_Sergio-Balaguer-REEDAV_Web-1-200x60.jpg 200w, https:\/\/addwill.eu\/wp-content\/uploads\/2026\/04\/addwill_2604_Sergio-Balaguer-REEDAV_Web-1-400x120.jpg 400w, https:\/\/addwill.eu\/wp-content\/uploads\/2026\/04\/addwill_2604_Sergio-Balaguer-REEDAV_Web-1-600x180.jpg 600w, https:\/\/addwill.eu\/wp-content\/uploads\/2026\/04\/addwill_2604_Sergio-Balaguer-REEDAV_Web-1-800x240.jpg 800w, https:\/\/addwill.eu\/wp-content\/uploads\/2026\/04\/addwill_2604_Sergio-Balaguer-REEDAV_Web-1-1200x360.jpg 1200w, https:\/\/addwill.eu\/wp-content\/uploads\/2026\/04\/addwill_2604_Sergio-Balaguer-REEDAV_Web-1-scaled.jpg 2560w\" sizes=\"(min-width: 2200px) 100vw, (min-width: 824px) 373px, (min-width: 732px) 560px, (min-width: 640px) 732px, \" \/><div class=\"fusion-rollover\">\n\t<div class=\"fusion-rollover-content\">\n\n\t\t\t\t\t\t\t\t\t\t\t\t\t\t<a class=\"fusion-rollover-link\" href=\"https:\/\/addwill.eu\/ca\/guia-definitiva-del-regim-especial-dentitats-dedicades-a-larrendament-dhabitatges-reedav-claus-requisits-i-criteris-de-la-dgt\/\">Guia Definitiva del R\u00e8gim Especial d\u2019Entitats Dedicades a l\u2019Arrendament d\u2019habitatges (REEDAV): Claus, requisits i criteris de la DGT<\/a>\n\t\t\t\n\t\t\t\t\t\t\t\t\t\t\t\t\t\t\n\t\t\t\t\t\t\t\t\n\t\t\t\t\t\t\t\t\t\t\t\t\t<div class=\"fusion-rollover-sep\"><\/div>\n\t\t\t\t\n\t\t\t\t\t\t\t\t\t\t\t\t\t\t\t\t\t\t<a class=\"fusion-rollover-gallery\" href=\"https:\/\/addwill.eu\/wp-content\/uploads\/2026\/04\/addwill_2604_Sergio-Balaguer-REEDAV_Web-1-scaled.jpg\" data-options=\"\" data-id=\"33462\" data-rel=\"iLightbox[gallery]\" data-title=\"addwill_2604_Sergio Balaguer - REEDAV_Web (1)\" data-caption=\"\">\n\t\t\t\t\t\tGallery\t\t\t\t\t<\/a>\n\t\t\t\t\t\t\t\t\t\t\t\t\t\t\n\t\t\n\t\t\t\t\t\t\t\t\t\t\t\t<h4 class=\"fusion-rollover-title\">\n\t\t\t\t\t<a class=\"fusion-rollover-title-link\" href=\"https:\/\/addwill.eu\/ca\/guia-definitiva-del-regim-especial-dentitats-dedicades-a-larrendament-dhabitatges-reedav-claus-requisits-i-criteris-de-la-dgt\/\">\n\t\t\t\t\t\tGuia Definitiva del R\u00e8gim Especial d\u2019Entitats Dedicades a l\u2019Arrendament d\u2019habitatges (REEDAV): Claus, requisits i criteris de la DGT\t\t\t\t\t<\/a>\n\t\t\t\t<\/h4>\n\t\t\t\n\t\t\t\t\t\t\t\t\t\t<div class=\"fusion-rollover-categories\"><a href=\"https:\/\/addwill.eu\/ca\/category\/fiscal-ca\/\" rel=\"tag\">Fiscal<\/a><\/div>\t\t\t\t\t\n\t\t\n\t\t\t\t\t\t<a class=\"fusion-link-wrapper\" href=\"https:\/\/addwill.eu\/ca\/guia-definitiva-del-regim-especial-dentitats-dedicades-a-larrendament-dhabitatges-reedav-claus-requisits-i-criteris-de-la-dgt\/\" aria-label=\"Guia Definitiva del R\u00e8gim Especial d\u2019Entitats Dedicades a l\u2019Arrendament d\u2019habitatges (REEDAV): Claus, requisits i criteris de la DGT\"><\/a>\n\t<\/div>\n<\/div>\n<\/div>\n<\/li>\n\t\t\t\n\t\t\t\n\t\t\t\t\t\t\t\t\t\t\t\t\t\t\t\t\t\t\t\t\t\t\t\t\t\t\t\t\t\t\t\t\t\t\t\t\t\t\t\t\t\t\t\t\t\t\t\t\t\t\t\t\t\t\t\t\t\t\t\t\t\t\t\t\t\t\t\t<\/ul>\n\t<\/div>\n\t<div class=\"fusion-post-content-wrapper\" style=\"padding:30px 25px 20px 25px;\"><div class=\"fusion-post-content post-content\"><h2 class=\"blog-shortcode-post-title entry-title\"><a href=\"https:\/\/addwill.eu\/ca\/guia-definitiva-del-regim-especial-dentitats-dedicades-a-larrendament-dhabitatges-reedav-claus-requisits-i-criteris-de-la-dgt\/\">Guia Definitiva del R\u00e8gim Especial d\u2019Entitats Dedicades a l\u2019Arrendament d\u2019habitatges (REEDAV): Claus, requisits i criteris de la DGT<\/a><\/h2><p class=\"fusion-single-line-meta\">By <span class=\"vcard\"><span class=\"fn\"><a href=\"https:\/\/addwill.eu\/ca\/author\/mrojas\/\" title=\"Entrades de Miriam Rojas\" rel=\"author\">Miriam Rojas<\/a><\/span><\/span><span class=\"fusion-inline-sep\">|<\/span><span class=\"updated\" style=\"display:none;\">2026-04-21T08:20:11+02:00<\/span><span>2026\/04\/21<\/span><span class=\"fusion-inline-sep\">|<\/span>Categories: <a href=\"https:\/\/addwill.eu\/ca\/category\/fiscal-ca\/\" rel=\"category tag\">Fiscal<\/a><span class=\"fusion-inline-sep\">|<\/span><\/p><div class=\"fusion-content-sep sep-double sep-solid\"><\/div><\/div><div class=\"fusion-meta-info\"><div class=\"fusion-alignleft\"><a class=\"fusion-read-more\" href=\"https:\/\/addwill.eu\/ca\/guia-definitiva-del-regim-especial-dentitats-dedicades-a-larrendament-dhabitatges-reedav-claus-requisits-i-criteris-de-la-dgt\/\" aria-label=\"More on Guia Definitiva del R\u00e8gim Especial d\u2019Entitats Dedicades a l\u2019Arrendament d\u2019habitatges (REEDAV): Claus, requisits i criteris de la DGT\">Read More<\/a><\/div><div class=\"fusion-alignright\"><a href=\"https:\/\/addwill.eu\/ca\/guia-definitiva-del-regim-especial-dentitats-dedicades-a-larrendament-dhabitatges-reedav-claus-requisits-i-criteris-de-la-dgt\/#respond\"><i class=\"awb-icon-bubbles\" aria-hidden=\"true\"><\/i>&nbsp;0<\/a><\/div><\/div><\/div><div class=\"fusion-clearfix\"><\/div><\/div>\n<\/article>\n<article id=\"blog-1-post-33230\" class=\"fusion-post-grid post-33230 post type-post status-publish format-standard has-post-thumbnail hentry category-laboral-ca\">\n<div class=\"fusion-post-wrapper\" style=\"background-color:rgba(255,255,255,0);border:1px solid var(--awb-color5);border-bottom-width:3px;\">\n\n\t\t\t<div class=\"fusion-flexslider flexslider fusion-flexslider-loading fusion-post-slideshow\" style=\"border-color:var(--awb-color5);\">\n\t\t<ul class=\"slides\">\n\t\t\t\n\t\t\t\t\t\t\t\t\t\t\t\t\t\t<li><div  class=\"fusion-image-wrapper\" aria-haspopup=\"true\">\n\t\t\t\t<img decoding=\"async\" width=\"2560\" height=\"768\" src=\"https:\/\/addwill.eu\/wp-content\/uploads\/2026\/04\/Addwill_2604_Linkedin_Miriam-Sitjar_Web-1-2-scaled.jpg\" class=\"attachment-full size-full wp-post-image\" alt=\"\" srcset=\"https:\/\/addwill.eu\/wp-content\/uploads\/2026\/04\/Addwill_2604_Linkedin_Miriam-Sitjar_Web-1-2-200x60.jpg 200w, https:\/\/addwill.eu\/wp-content\/uploads\/2026\/04\/Addwill_2604_Linkedin_Miriam-Sitjar_Web-1-2-400x120.jpg 400w, https:\/\/addwill.eu\/wp-content\/uploads\/2026\/04\/Addwill_2604_Linkedin_Miriam-Sitjar_Web-1-2-600x180.jpg 600w, https:\/\/addwill.eu\/wp-content\/uploads\/2026\/04\/Addwill_2604_Linkedin_Miriam-Sitjar_Web-1-2-800x240.jpg 800w, https:\/\/addwill.eu\/wp-content\/uploads\/2026\/04\/Addwill_2604_Linkedin_Miriam-Sitjar_Web-1-2-1200x360.jpg 1200w, https:\/\/addwill.eu\/wp-content\/uploads\/2026\/04\/Addwill_2604_Linkedin_Miriam-Sitjar_Web-1-2-scaled.jpg 2560w\" sizes=\"(min-width: 2200px) 100vw, (min-width: 824px) 373px, (min-width: 732px) 560px, (min-width: 640px) 732px, \" \/><div class=\"fusion-rollover\">\n\t<div class=\"fusion-rollover-content\">\n\n\t\t\t\t\t\t\t\t\t\t\t\t\t\t<a class=\"fusion-rollover-link\" href=\"https:\/\/addwill.eu\/ca\/nova-base-minima-dautonoms-2026-quant-hauras-de-cotitzar-realment-al-reta\/\">Nova base m\u00ednima d\u2019aut\u00f2noms 2026: quant haur\u00e0s de cotitzar realment al RETA<\/a>\n\t\t\t\n\t\t\t\t\t\t\t\t\t\t\t\t\t\t\n\t\t\t\t\t\t\t\t\n\t\t\t\t\t\t\t\t\t\t\t\t\t<div class=\"fusion-rollover-sep\"><\/div>\n\t\t\t\t\n\t\t\t\t\t\t\t\t\t\t\t\t\t\t\t\t\t\t<a class=\"fusion-rollover-gallery\" href=\"https:\/\/addwill.eu\/wp-content\/uploads\/2026\/04\/Addwill_2604_Linkedin_Miriam-Sitjar_Web-1-2-scaled.jpg\" data-options=\"\" data-id=\"33230\" data-rel=\"iLightbox[gallery]\" data-title=\"Addwill_2604_Linkedin_Miriam Sitjar_Web (1) (2)\" data-caption=\"\">\n\t\t\t\t\t\tGallery\t\t\t\t\t<\/a>\n\t\t\t\t\t\t\t\t\t\t\t\t\t\t\n\t\t\n\t\t\t\t\t\t\t\t\t\t\t\t<h4 class=\"fusion-rollover-title\">\n\t\t\t\t\t<a class=\"fusion-rollover-title-link\" href=\"https:\/\/addwill.eu\/ca\/nova-base-minima-dautonoms-2026-quant-hauras-de-cotitzar-realment-al-reta\/\">\n\t\t\t\t\t\tNova base m\u00ednima d\u2019aut\u00f2noms 2026: quant haur\u00e0s de cotitzar realment al RETA\t\t\t\t\t<\/a>\n\t\t\t\t<\/h4>\n\t\t\t\n\t\t\t\t\t\t\t\t\t\t<div class=\"fusion-rollover-categories\"><a href=\"https:\/\/addwill.eu\/ca\/category\/laboral-ca\/\" rel=\"tag\">Laboral<\/a><\/div>\t\t\t\t\t\n\t\t\n\t\t\t\t\t\t<a class=\"fusion-link-wrapper\" href=\"https:\/\/addwill.eu\/ca\/nova-base-minima-dautonoms-2026-quant-hauras-de-cotitzar-realment-al-reta\/\" aria-label=\"Nova base m\u00ednima d\u2019aut\u00f2noms 2026: quant haur\u00e0s de cotitzar realment al RETA\"><\/a>\n\t<\/div>\n<\/div>\n<\/div>\n<\/li>\n\t\t\t\n\t\t\t\n\t\t\t\t\t\t\t\t\t\t\t\t\t\t\t\t\t\t\t\t\t\t\t\t\t\t\t\t\t\t\t\t\t\t\t\t\t\t\t\t\t\t\t\t\t\t\t\t\t\t\t\t\t\t\t\t\t\t\t\t\t\t\t\t\t\t\t\t<\/ul>\n\t<\/div>\n\t<div class=\"fusion-post-content-wrapper\" style=\"padding:30px 25px 20px 25px;\"><div class=\"fusion-post-content post-content\"><h2 class=\"blog-shortcode-post-title entry-title\"><a href=\"https:\/\/addwill.eu\/ca\/nova-base-minima-dautonoms-2026-quant-hauras-de-cotitzar-realment-al-reta\/\">Nova base m\u00ednima d\u2019aut\u00f2noms 2026: quant haur\u00e0s de cotitzar realment al RETA<\/a><\/h2><p class=\"fusion-single-line-meta\">By <span class=\"vcard\"><span class=\"fn\"><a href=\"https:\/\/addwill.eu\/ca\/author\/mrojas\/\" title=\"Entrades de Miriam Rojas\" rel=\"author\">Miriam Rojas<\/a><\/span><\/span><span class=\"fusion-inline-sep\">|<\/span><span class=\"updated\" style=\"display:none;\">2026-04-16T09:36:46+02:00<\/span><span>2026\/04\/16<\/span><span class=\"fusion-inline-sep\">|<\/span>Categories: <a href=\"https:\/\/addwill.eu\/ca\/category\/laboral-ca\/\" rel=\"category tag\">Laboral<\/a><span class=\"fusion-inline-sep\">|<\/span><\/p><div class=\"fusion-content-sep sep-double sep-solid\"><\/div><\/div><div class=\"fusion-meta-info\"><div class=\"fusion-alignleft\"><a class=\"fusion-read-more\" href=\"https:\/\/addwill.eu\/ca\/nova-base-minima-dautonoms-2026-quant-hauras-de-cotitzar-realment-al-reta\/\" aria-label=\"More on Nova base m\u00ednima d\u2019aut\u00f2noms 2026: quant haur\u00e0s de cotitzar realment al RETA\">Read More<\/a><\/div><div class=\"fusion-alignright\"><a href=\"https:\/\/addwill.eu\/ca\/nova-base-minima-dautonoms-2026-quant-hauras-de-cotitzar-realment-al-reta\/#respond\"><i class=\"awb-icon-bubbles\" aria-hidden=\"true\"><\/i>&nbsp;0<\/a><\/div><\/div><\/div><div class=\"fusion-clearfix\"><\/div><\/div>\n<\/article>\n<div class=\"fusion-clearfix\"><\/div><\/div><div class=\"pagination clearfix\"><span class=\"current\">1<\/span><a href=\"https:\/\/addwill.eu\/ca\/wp-json\/wp\/v2\/pages\/27569\/page\/2\/\" class=\"inactive\">2<\/a><a class=\"pagination-next\" rel=\"next\" href=\"https:\/\/addwill.eu\/ca\/wp-json\/wp\/v2\/pages\/27569\/page\/2\/\"><span class=\"page-text\">Next<\/span><span class=\"page-next\"><\/span><\/a><\/div><div class=\"fusion-clearfix\"><\/div><\/div><\/div><\/div><\/div><\/div>\n<div class=\"fusion-fullwidth fullwidth-box fusion-builder-row-6 fusion-flex-container nonhundred-percent-fullwidth non-hundred-percent-height-scrolling\" style=\"--awb-border-radius-top-left:0px;--awb-border-radius-top-right:0px;--awb-border-radius-bottom-right:0px;--awb-border-radius-bottom-left:0px;--awb-flex-wrap:wrap;\" ><div class=\"fusion-builder-row fusion-row fusion-flex-align-items-flex-start fusion-flex-content-wrap\" style=\"max-width:1248px;margin-left: calc(-4% \/ 2 );margin-right: calc(-4% \/ 2 );\"><div class=\"fusion-layout-column fusion_builder_column fusion-builder-column-9 fusion_builder_column_1_5 1_5 fusion-flex-column\" style=\"--awb-bg-size:cover;--awb-width-large:20%;--awb-margin-top-large:0px;--awb-spacing-right-large:9.6%;--awb-margin-bottom-large:20px;--awb-spacing-left-large:9.6%;--awb-width-medium:100%;--awb-order-medium:0;--awb-spacing-right-medium:1.92%;--awb-spacing-left-medium:1.92%;--awb-width-small:100%;--awb-order-small:0;--awb-spacing-right-small:1.92%;--awb-spacing-left-small:1.92%;\"><div class=\"fusion-column-wrapper fusion-column-has-shadow fusion-flex-justify-content-flex-start fusion-content-layout-column\"><\/div><\/div><div class=\"fusion-layout-column fusion_builder_column fusion-builder-column-10 fusion_builder_column_3_5 3_5 fusion-flex-column\" style=\"--awb-bg-size:cover;--awb-width-large:60%;--awb-margin-top-large:0px;--awb-spacing-right-large:3.2%;--awb-margin-bottom-large:20px;--awb-spacing-left-large:3.2%;--awb-width-medium:100%;--awb-order-medium:0;--awb-spacing-right-medium:1.92%;--awb-spacing-left-medium:1.92%;--awb-width-small:100%;--awb-order-small:0;--awb-spacing-right-small:1.92%;--awb-spacing-left-small:1.92%;\"><div class=\"fusion-column-wrapper fusion-column-has-shadow fusion-flex-justify-content-flex-start fusion-content-layout-column\"><div class=\"fusion-text fusion-text-12\"><div class=\"dfd-heading-shortcode\">\n<div id=\"dfd-heading-5ad083696717b\" class=\"dfd-heading-module-wrap text-center style_01 \">\n<div class=\"inline-block\">\n<div class=\"dfd-heading-module\">\n<h4 class=\"dfd-title fusion-responsive-typography-calculated\" style=\"text-align: center; --fontsize: 29; line-height: 1.2;\" data-fontsize=\"29\" data-lineheight=\"34.8px\">Vols que et contactem?<\/h4>\n<\/div>\n<\/div>\n<\/div>\n<\/div>\n<\/div><div class=\"fusion-text fusion-text-13\"><div class=\"dfd-heading-shortcode\">\n<div id=\"dfd-heading-5ad083696717b\" class=\"dfd-heading-module-wrap text-center style_01 \">\n<div class=\"inline-block\">\n<div class=\"dfd-heading-module\">\n<h5 class=\"dfd-title fusion-responsive-typography-calculated\" style=\"text-align: center; --fontsize: 29; line-height: 1.2;\" data-fontsize=\"29\" data-lineheight=\"34.8px\">Deixa la teva consulta o truca\u2019ns al + 34 93 238 50 08<\/h5>\n<\/div>\n<\/div>\n<\/div>\n<\/div>\n<\/div><div class=\"fusion-separator fusion-full-width-sep\" style=\"align-self: center;margin-left: auto;margin-right: auto;width:100%;\"><\/div>\n<div class=\"wpcf7 no-js\" id=\"wpcf7-f10807-o1\" lang=\"es-ES\" dir=\"ltr\" data-wpcf7-id=\"10807\">\n<div class=\"screen-reader-response\"><p role=\"status\" aria-live=\"polite\" aria-atomic=\"true\"><\/p> <ul><\/ul><\/div>\n<form action=\"\/ca\/wp-json\/wp\/v2\/pages\/27569#wpcf7-f10807-o1\" method=\"post\" class=\"wpcf7-form init\" aria-label=\"Formulario de contacto\" novalidate=\"novalidate\" data-status=\"init\">\n<fieldset class=\"hidden-fields-container\"><input type=\"hidden\" name=\"_wpcf7\" value=\"10807\" \/><input type=\"hidden\" name=\"_wpcf7_version\" value=\"6.1.5\" \/><input type=\"hidden\" name=\"_wpcf7_locale\" value=\"es_ES\" \/><input type=\"hidden\" name=\"_wpcf7_unit_tag\" value=\"wpcf7-f10807-o1\" \/><input type=\"hidden\" name=\"_wpcf7_container_post\" value=\"0\" \/><input type=\"hidden\" name=\"_wpcf7_posted_data_hash\" value=\"\" \/><input type=\"hidden\" name=\"_wpcf7_recaptcha_response\" value=\"\" \/>\n<\/fieldset>\n<p><label> Nom (requerit)<br \/>\n<span class=\"wpcf7-form-control-wrap\" data-name=\"your-name\"><input size=\"40\" maxlength=\"400\" class=\"wpcf7-form-control wpcf7-text wpcf7-validates-as-required\" aria-required=\"true\" aria-invalid=\"false\" value=\"\" type=\"text\" name=\"your-name\" \/><\/span> <\/label>\n<\/p>\n<p><label> Email (requerit)<br \/>\n<span class=\"wpcf7-form-control-wrap\" data-name=\"your-email\"><input size=\"40\" maxlength=\"400\" class=\"wpcf7-form-control wpcf7-email wpcf7-validates-as-required wpcf7-text wpcf7-validates-as-email\" aria-required=\"true\" aria-invalid=\"false\" value=\"\" type=\"email\" name=\"your-email\" \/><\/span> <\/label>\n<\/p>\n<p><label> Tel\u00e8fon (requerit)<br \/>\n<span class=\"wpcf7-form-control-wrap\" data-name=\"your-subject\"><input size=\"40\" maxlength=\"400\" class=\"wpcf7-form-control wpcf7-text\" aria-invalid=\"false\" value=\"\" type=\"text\" name=\"your-subject\" \/><\/span> <\/label>\n<\/p>\n<p><label> Missatge<br \/>\n<span class=\"wpcf7-form-control-wrap\" data-name=\"your-message\"><textarea cols=\"40\" rows=\"10\" maxlength=\"2000\" class=\"wpcf7-form-control wpcf7-textarea\" aria-invalid=\"false\" name=\"your-message\"><\/textarea><\/span> <\/label>\n<\/p>\n<p>INFORMACI\u00d3 SOBRE EL TRACTAMENT DE DADES PERSONALS<br \/>\nResponsable del tractament: Addwill Partners, S.L.P. (\u201cAddwill\u201d).<br \/>\nFinalitats: Gestionar les vostres dades per poder atendre i donar resposta a la vostra consulta.<br \/>\nLegitimaci\u00f3: El consentiment propi de l'usuari.<br \/>\nDestinataris: Tercers amb qu\u00e8 Addwill estigui contractual o legalment obligat a facilitar-los, aix\u00ed com empreses del mateix grup en el cas que sigui necessari per resoldre la seva consulta.<br \/>\nDrets: Accedir, rectificar i suprimir les dades, aix\u00ed com altres drets, com s'explica a la informaci\u00f3 addicional\n<\/p>\n<p><span class=\"wpcf7-form-control-wrap\" data-name=\"acceptance-682\"><span class=\"wpcf7-form-control wpcf7-acceptance\"><span class=\"wpcf7-list-item\"><input type=\"checkbox\" name=\"acceptance-682\" value=\"1\" aria-invalid=\"false\" \/><\/span><\/span><\/span><span style=\"font-size: 90%\"><a href=\"https:\/\/addwill.eu\/en\/cookies-policy\/\" target=\"_blank\" >He llegit i accepto la pol\u00edtica de privacitat i cookies<\/a><\/span>\n<\/p>\n<p><input class=\"wpcf7-form-control wpcf7-submit has-spinner\" type=\"submit\" value=\"Enviar\" \/>\n<\/p><div class=\"fusion-alert alert custom alert-custom fusion-alert-center wpcf7-response-output fusion-alert-capitalize awb-alert-native-link-color alert-dismissable awb-alert-close-boxed\" style=\"--awb-border-top-left-radius:0px;--awb-border-top-right-radius:0px;--awb-border-bottom-left-radius:0px;--awb-border-bottom-right-radius:0px;\" role=\"alert\"><div class=\"fusion-alert-content-wrapper\"><span class=\"fusion-alert-content\"><\/span><\/div><button type=\"button\" class=\"close toggle-alert\" data-dismiss=\"alert\" aria-label=\"Close\">&times;<\/button><\/div>\n<\/form>\n<\/div>\n<\/div><\/div><div class=\"fusion-layout-column fusion_builder_column fusion-builder-column-11 fusion_builder_column_1_5 1_5 fusion-flex-column\" style=\"--awb-bg-size:cover;--awb-width-large:20%;--awb-margin-top-large:0px;--awb-spacing-right-large:9.6%;--awb-margin-bottom-large:20px;--awb-spacing-left-large:9.6%;--awb-width-medium:100%;--awb-order-medium:0;--awb-spacing-right-medium:1.92%;--awb-spacing-left-medium:1.92%;--awb-width-small:100%;--awb-order-small:0;--awb-spacing-right-small:1.92%;--awb-spacing-left-small:1.92%;\"><div class=\"fusion-column-wrapper fusion-column-has-shadow fusion-flex-justify-content-flex-start fusion-content-layout-column\"><\/div><\/div><\/div><\/div>\n<\/p>\n","protected":false},"excerpt":{"rendered":"","protected":false},"author":20,"featured_media":0,"parent":0,"menu_order":6,"comment_status":"closed","ping_status":"closed","template":"100-width.php","meta":{"footnotes":""},"class_list":["post-27569","page","type-page","status-publish","hentry"],"_links":{"self":[{"href":"https:\/\/addwill.eu\/ca\/wp-json\/wp\/v2\/pages\/27569","targetHints":{"allow":["GET"]}}],"collection":[{"href":"https:\/\/addwill.eu\/ca\/wp-json\/wp\/v2\/pages"}],"about":[{"href":"https:\/\/addwill.eu\/ca\/wp-json\/wp\/v2\/types\/page"}],"author":[{"embeddable":true,"href":"https:\/\/addwill.eu\/ca\/wp-json\/wp\/v2\/users\/20"}],"replies":[{"embeddable":true,"href":"https:\/\/addwill.eu\/ca\/wp-json\/wp\/v2\/comments?post=27569"}],"version-history":[{"count":15,"href":"https:\/\/addwill.eu\/ca\/wp-json\/wp\/v2\/pages\/27569\/revisions"}],"predecessor-version":[{"id":28005,"href":"https:\/\/addwill.eu\/ca\/wp-json\/wp\/v2\/pages\/27569\/revisions\/28005"}],"wp:attachment":[{"href":"https:\/\/addwill.eu\/ca\/wp-json\/wp\/v2\/media?parent=27569"}],"curies":[{"name":"wp","href":"https:\/\/api.w.org\/{rel}","templated":true}]}}